{"id":16514,"date":"2023-07-26T11:54:16","date_gmt":"2023-07-26T10:54:16","guid":{"rendered":"https:\/\/rap.montanhasmagicas.pt\/?page_id=16514"},"modified":"2023-07-27T16:31:13","modified_gmt":"2023-07-27T15:31:13","slug":"line-a-arada","status":"publish","type":"page","link":"https:\/\/rap.montanhasmagicas.pt\/en\/water-and-stone-route\/route\/line-a-arada\/","title":{"rendered":"Line A &#8211; Arada"},"content":{"rendered":"<p>[vc_row full_width=&#8221;stretch_row&#8221; vc_row_background=&#8221;&#8221; el_class=&#8221;separator-bottom&#8221;][vc_column][vc_row_inner el_class=&#8221;separator-bottom&#8221;][vc_column_inner]\n        <div id=\"line-routes-1\" class=\"line-routes-container separator-bottom-top\">\n            <div class=\"wrapper\">\n                <div class=\"line-wrapper\">\n\n                \n                    <div class=\"col\">\n                                                    <style>.line-routes-container .line-item-1080 .marker-wrapper::after {border-top-color: #de0918!important}<\/style>\n                                                <a href=\"https:\/\/rap.montanhasmagicas.pt\/en\/water-and-stone-route\/route\/line-a-arada\/\" class=\"line-item line-item-1080 active\">\n                            <div class=\"marker-wrapper\">\n                                <div class=\"icon\" style=\"border-color: #de0918\" >\n                                    <span>A<\/span>\n                                <\/div>\n                            <\/div>\n                            <span class=\"title\">Arada<\/span>\n                        <\/a>\n                    <\/div>\n\n                \n                    <div class=\"col\">\n                                                    <style>.line-routes-container .line-item-1083 .marker-wrapper::after {border-top-color: #2e3192!important}<\/style>\n                                                <a href=\"https:\/\/rap.montanhasmagicas.pt\/en\/water-and-stone-route\/route\/line-b-bestanca\/\" class=\"line-item line-item-1083 \">\n                            <div class=\"marker-wrapper\">\n                                <div class=\"icon\" style=\"border-color: #2e3192\" >\n                                    <span>B<\/span>\n                                <\/div>\n                            <\/div>\n                            <span class=\"title\">Bestan\u00e7a<\/span>\n                        <\/a>\n                    <\/div>\n\n                \n                    <div class=\"col\">\n                                                    <style>.line-routes-container .line-item-1086 .marker-wrapper::after {border-top-color: #f7941e!important}<\/style>\n                                                <a href=\"https:\/\/rap.montanhasmagicas.pt\/en\/water-and-stone-route\/route\/line-c-caima\/\" class=\"line-item line-item-1086 \">\n                            <div class=\"marker-wrapper\">\n                                <div class=\"icon\" style=\"border-color: #f7941e\" >\n                                    <span>C<\/span>\n                                <\/div>\n                            <\/div>\n                            <span class=\"title\">Caima<\/span>\n                        <\/a>\n                    <\/div>\n\n                \n                    <div class=\"col\">\n                                                    <style>.line-routes-container .line-item-1089 .marker-wrapper::after {border-top-color: #231f20!important}<\/style>\n                                                <a href=\"https:\/\/rap.montanhasmagicas.pt\/en\/water-and-stone-route\/route\/line-d-douro\/\" class=\"line-item line-item-1089 \">\n                            <div class=\"marker-wrapper\">\n                                <div class=\"icon\" style=\"border-color: #231f20\" >\n                                    <span>D<\/span>\n                                <\/div>\n                            <\/div>\n                            <span class=\"title\">Douro<\/span>\n                        <\/a>\n                    <\/div>\n\n                \n                    <div class=\"col\">\n                                                    <style>.line-routes-container .line-item-1092 .marker-wrapper::after {border-top-color: #6d6e71!important}<\/style>\n                                                <a href=\"https:\/\/rap.montanhasmagicas.pt\/en\/water-and-stone-route\/route\/line-f-freita\/\" class=\"line-item line-item-1092 \">\n                            <div class=\"marker-wrapper\">\n                                <div class=\"icon\" style=\"border-color: #6d6e71\" >\n                                    <span>F<\/span>\n                                <\/div>\n                            <\/div>\n                            <span class=\"title\">Freita<\/span>\n                        <\/a>\n                    <\/div>\n\n                \n                    <div class=\"col\">\n                                                    <style>.line-routes-container .line-item-1095 .marker-wrapper::after {border-top-color: #06a651!important}<\/style>\n                                                <a href=\"https:\/\/rap.montanhasmagicas.pt\/en\/water-and-stone-route\/route\/line-m-montemuro\/\" class=\"line-item line-item-1095 \">\n                            <div class=\"marker-wrapper\">\n                                <div class=\"icon\" style=\"border-color: #06a651\" >\n                                    <span>M<\/span>\n                                <\/div>\n                            <\/div>\n                            <span class=\"title\">Montemuro<\/span>\n                        <\/a>\n                    <\/div>\n\n                \n                    <div class=\"col\">\n                                                    <style>.line-routes-container .line-item-1098 .marker-wrapper::after {border-top-color: #ec008c!important}<\/style>\n                                                <a href=\"https:\/\/rap.montanhasmagicas.pt\/en\/water-and-stone-route\/route\/line-p-paiva\/\" class=\"line-item line-item-1098 \">\n                            <div class=\"marker-wrapper\">\n                                <div class=\"icon\" style=\"border-color: #ec008c\" >\n                                    <span>P<\/span>\n                                <\/div>\n                            <\/div>\n                            <span class=\"title\">Paiva<\/span>\n                        <\/a>\n                    <\/div>\n\n                \n                    <div class=\"col\">\n                                                    <style>.line-routes-container .line-item-1101 .marker-wrapper::after {border-top-color: #fff200!important}<\/style>\n                                                <a href=\"https:\/\/rap.montanhasmagicas.pt\/en\/water-and-stone-route\/route\/line-t-arestal\/\" class=\"line-item line-item-1101 \">\n                            <div class=\"marker-wrapper\">\n                                <div class=\"icon\" style=\"border-color: #fff200\" >\n                                    <span>T<\/span>\n                                <\/div>\n                            <\/div>\n                            <span class=\"title\">Arestal<\/span>\n                        <\/a>\n                    <\/div>\n\n                \n                    <div class=\"col\">\n                                                    <style>.line-routes-container .line-item-1104 .marker-wrapper::after {border-top-color: #1c75bc!important}<\/style>\n                                                <a href=\"https:\/\/rap.montanhasmagicas.pt\/en\/water-and-stone-route\/route\/line-v-vouga\/\" class=\"line-item line-item-1104 \">\n                            <div class=\"marker-wrapper\">\n                                <div class=\"icon\" style=\"border-color: #1c75bc\" >\n                                    <span>V<\/span>\n                                <\/div>\n                            <\/div>\n                            <span class=\"title\">Vouga<\/span>\n                        <\/a>\n                    <\/div>\n\n                \n                <\/div>\n            <\/div>\n        <\/div>\n\n        <script type=\"text\/javascript\">\n\n            var $ = jQuery;\n\n            jQuery(document).ready(function() {\n                scroll_to_element();\n\n                $(document).on(\"resize\", function() {\n                    scroll_to_element();\n                });\n\n            });\n\n            function scroll_to_element() {\n                const activeElement = $(\"#line-routes-1 .line-item.active\");\n\n                if (activeElement.length) {\n\n                    const containerLeftOffset = $(\"#line-routes-1 .line-wrapper\").offset().left;\n                    const activeElementLeftOffset = activeElement.offset().left;\n                    const scrollPosition = activeElementLeftOffset - containerLeftOffset;\n\n                    $(\"#line-routes-1 .wrapper\").animate({ scrollLeft: scrollPosition }, 500);\n\n                }\n            }\n\n        <\/script>\n\n    [\/vc_column_inner][\/vc_row_inner][vc_row_inner el_class=&#8221;separator-bottom&#8221;][vc_column_inner][vc_column_text]<\/p>\n<h2 style=\"text-align: center;\">EXPLORE SERRA DA ARADA<\/h2>\n<h5 style=\"text-align: center;\">At over 1071 meters high<\/h5>\n<p>[\/vc_column_text][\/vc_column_inner][\/vc_row_inner][vc_row_inner][vc_column_inner offset=&#8221;vc_col-lg-8 vc_col-md-8 vc_col-xs-12&#8243;][vc_column_text]The Arada mountain is located at the eastern end of the Gralheira massif, reaching 1071 meters at its summit. The Arada has valleys ripped in schist and granite, reminiscences of exotic destinations of lost continents. Its mineral wealth has been used in the recent past (World War II), as we may witness at the Rio de Frades (A7) and Regoufe (A9) tungsten mines, with galleries that turned the hard stone into an authentic Swiss cheese. Rivers and streams of clear water abound here, especially the Paiv\u00f4 river and the Landeira stream, originating one of the most naturally dense pools network in Portugal and, therefore, constituing a mandatory stop at RAP\u00ae: Po\u00e7os da Ponte Teixeira (A1), Po\u00e7o Azul (A2), Po\u00e7os do Paiv\u00f4 (A8) and Lagoas de Drave (A10). Finally, the quartzite crests arranged as giant bookstores and the fossil tracks of trilobites aged 480 million years are visitable at the Livraria da Pena &#8211; Bookstore of Pena &#8211; (A12), S\u00e3o Mac\u00e1rio (A13) and Deil\u00e3o (A14).[\/vc_column_text][\/vc_column_inner][vc_column_inner offset=&#8221;vc_col-lg-4 vc_col-md-4 vc_col-xs-12&#8243;]\n<div class=\"downloads-gr\">\n       \n        <div>\n            <h3>Downloads<\/h3>\n        <\/div>\n                <a href=\"https:\/\/rap.montanhasmagicas.pt\/wp-content\/uploads\/2023\/07\/A-Arada.kmz\" class=\"item\">\n            <div class=\"icon\">\n                <svg xmlns=\"http:\/\/www.w3.org\/2000\/svg\" width=\"15\" height=\"20\" viewBox=\"0 0 27 36\">\n                    <path id=\"Icon_awesome-file-download\" fill=\"currentColor\" data-name=\"Icon awesome-file-download\" d=\"M15.75,9.563V0H1.688A1.683,1.683,0,0,0,0,1.688V34.313A1.683,1.683,0,0,0,1.688,36H25.313A1.683,1.683,0,0,0,27,34.313V11.25H17.438A1.692,1.692,0,0,1,15.75,9.563Zm5.375,14.861-6.78,6.729a1.2,1.2,0,0,1-1.69,0l-6.78-6.729A1.125,1.125,0,0,1,6.667,22.5H11.25V16.875a1.125,1.125,0,0,1,1.125-1.125h2.25a1.125,1.125,0,0,1,1.125,1.125V22.5h4.583A1.125,1.125,0,0,1,21.125,24.424ZM26.508,7.383,19.624.492A1.686,1.686,0,0,0,18.429,0H18V9h9V8.571A1.682,1.682,0,0,0,26.508,7.383Z\"\/>\n                <\/svg>\n            <\/div>\n            <div class=\"info\">\n                <h6>KML\/KMZ of the route<\/h6>\n            <\/div>\n        <\/a>\n              \n               \n<\/div>\n\n\n[\/vc_column_inner][\/vc_row_inner][vc_row_inner css=&#8221;.vc_custom_1690360916011{margin-top: 35px !important;}&#8221;][vc_column_inner]        <div id=\"line-ponts-2\" class=\"line-points-container\">\n            <style>\n\t\t\t\t.mm-line-navigation .line-box .wrapper::after{\n\t\t\t\t\tborder-top-color: #de0918 !important;\n\t\t\t\t}\n\t\t\t<\/style>\n            <div class=\"vc_row row\">\n                <div class=\"vc_col-lg-12 vc_col-md-12 vc_col-sm-12 vc_col-xs-12 break-space-60\">\n                    <div class=\"row vc_row mm-line-navigation\">\n                                                    <div class=\"vc_col-lg-2 vc_col-md-3 vc_col-sm-3 vc_col-xs-4\">\n                                <div class=\"line-box  \">\n                                    <a href=\"https:\/\/rap.montanhasmagicas.pt\/en\/points_of_interest\/pocos-da-ponte-teixeira\/\" class=\"link\">\n                                        <div class=\"wrapper\">\n                                            <div class=\"landmark\" style=\"border-color: #de0918\">\n                                                <span class=\"label\">A1<\/span>\n                                            <\/div>\n                                            <div class=\"line\"><\/div>\n                                        <\/div>\t\n                                        <span class=\"name\">Po\u00e7os da Ponte Teixeira<\/span>\n                                    <\/a>\n                                <\/div>\n                            <\/div>\n                                                    <div class=\"vc_col-lg-2 vc_col-md-3 vc_col-sm-3 vc_col-xs-4\">\n                                <div class=\"line-box  \">\n                                    <a href=\"https:\/\/rap.montanhasmagicas.pt\/en\/points_of_interest\/poco-azul\/\" class=\"link\">\n                                        <div class=\"wrapper\">\n                                            <div class=\"landmark\" style=\"border-color: #de0918\">\n                                                <span class=\"label\">A2<\/span>\n                                            <\/div>\n                                            <div class=\"line\"><\/div>\n                                        <\/div>\t\n                                        <span class=\"name\">Po\u00e7o Azul<\/span>\n                                    <\/a>\n                                <\/div>\n                            <\/div>\n                                                    <div class=\"vc_col-lg-2 vc_col-md-3 vc_col-sm-3 vc_col-xs-4\">\n                                <div class=\"line-box  \">\n                                    <a href=\"https:\/\/rap.montanhasmagicas.pt\/en\/points_of_interest\/pedras-boroas-da-landeira\/\" class=\"link\">\n                                        <div class=\"wrapper\">\n                                            <div class=\"landmark\" style=\"border-color: #de0918\">\n                                                <span class=\"label\">A3<\/span>\n                                            <\/div>\n                                            <div class=\"line\"><\/div>\n                                        <\/div>\t\n                                        <span class=\"name\">Pedras Boroas da Landeira<\/span>\n                                    <\/a>\n                                <\/div>\n                            <\/div>\n                                                    <div class=\"vc_col-lg-2 vc_col-md-3 vc_col-sm-3 vc_col-xs-4\">\n                                <div class=\"line-box  \">\n                                    <a href=\"https:\/\/rap.montanhasmagicas.pt\/en\/points_of_interest\/moinhos-do-pisao\/\" class=\"link\">\n                                        <div class=\"wrapper\">\n                                            <div class=\"landmark\" style=\"border-color: #de0918\">\n                                                <span class=\"label\">A4<\/span>\n                                            <\/div>\n                                            <div class=\"line\"><\/div>\n                                        <\/div>\t\n                                        <span class=\"name\">Moinhos do Pis\u00e3o<\/span>\n                                    <\/a>\n                                <\/div>\n                            <\/div>\n                                                    <div class=\"vc_col-lg-2 vc_col-md-3 vc_col-sm-3 vc_col-xs-4\">\n                                <div class=\"line-box  \">\n                                    <a href=\"https:\/\/rap.montanhasmagicas.pt\/en\/points_of_interest\/mariolas-da-arada\/\" class=\"link\">\n                                        <div class=\"wrapper\">\n                                            <div class=\"landmark\" style=\"border-color: #de0918\">\n                                                <span class=\"label\">A5<\/span>\n                                            <\/div>\n                                            <div class=\"line\"><\/div>\n                                        <\/div>\t\n                                        <span class=\"name\">Mariolas da Arada<\/span>\n                                    <\/a>\n                                <\/div>\n                            <\/div>\n                                                    <div class=\"vc_col-lg-2 vc_col-md-3 vc_col-sm-3 vc_col-xs-4\">\n                                <div class=\"line-box  \">\n                                    <a href=\"https:\/\/rap.montanhasmagicas.pt\/en\/points_of_interest\/turfeira-da-fraguinha\/\" class=\"link\">\n                                        <div class=\"wrapper\">\n                                            <div class=\"landmark\" style=\"border-color: #de0918\">\n                                                <span class=\"label\">A6<\/span>\n                                            <\/div>\n                                            <div class=\"line\"><\/div>\n                                        <\/div>\t\n                                        <span class=\"name\">Turfeira da Fraguinha<\/span>\n                                    <\/a>\n                                <\/div>\n                            <\/div>\n                                                    <div class=\"vc_col-lg-2 vc_col-md-3 vc_col-sm-3 vc_col-xs-4\">\n                                <div class=\"line-box  \">\n                                    <a href=\"https:\/\/rap.montanhasmagicas.pt\/en\/points_of_interest\/minas-de-rio-de-frades\/\" class=\"link\">\n                                        <div class=\"wrapper\">\n                                            <div class=\"landmark\" style=\"border-color: #de0918\">\n                                                <span class=\"label\">A7<\/span>\n                                            <\/div>\n                                            <div class=\"line\"><\/div>\n                                        <\/div>\t\n                                        <span class=\"name\">Minas de Rio de Frades<\/span>\n                                    <\/a>\n                                <\/div>\n                            <\/div>\n                                                    <div class=\"vc_col-lg-2 vc_col-md-3 vc_col-sm-3 vc_col-xs-4\">\n                                <div class=\"line-box  \">\n                                    <a href=\"https:\/\/rap.montanhasmagicas.pt\/en\/points_of_interest\/pocos-do-paivo\/\" class=\"link\">\n                                        <div class=\"wrapper\">\n                                            <div class=\"landmark\" style=\"border-color: #de0918\">\n                                                <span class=\"label\">A8<\/span>\n                                            <\/div>\n                                            <div class=\"line\"><\/div>\n                                        <\/div>\t\n                                        <span class=\"name\">Po\u00e7os do Paiv\u00f4<\/span>\n                                    <\/a>\n                                <\/div>\n                            <\/div>\n                                                    <div class=\"vc_col-lg-2 vc_col-md-3 vc_col-sm-3 vc_col-xs-4\">\n                                <div class=\"line-box  \">\n                                    <a href=\"https:\/\/rap.montanhasmagicas.pt\/en\/points_of_interest\/minas-de-regoufe\/\" class=\"link\">\n                                        <div class=\"wrapper\">\n                                            <div class=\"landmark\" style=\"border-color: #de0918\">\n                                                <span class=\"label\">A9<\/span>\n                                            <\/div>\n                                            <div class=\"line\"><\/div>\n                                        <\/div>\t\n                                        <span class=\"name\">Minas de Regoufe<\/span>\n                                    <\/a>\n                                <\/div>\n                            <\/div>\n                                                    <div class=\"vc_col-lg-2 vc_col-md-3 vc_col-sm-3 vc_col-xs-4\">\n                                <div class=\"line-box  \">\n                                    <a href=\"https:\/\/rap.montanhasmagicas.pt\/en\/points_of_interest\/lagoas-de-drave\/\" class=\"link\">\n                                        <div class=\"wrapper\">\n                                            <div class=\"landmark\" style=\"border-color: #de0918\">\n                                                <span class=\"label\">A10<\/span>\n                                            <\/div>\n                                            <div class=\"line\"><\/div>\n                                        <\/div>\t\n                                        <span class=\"name\">Lagoas de Drave<\/span>\n                                    <\/a>\n                                <\/div>\n                            <\/div>\n                                                    <div class=\"vc_col-lg-2 vc_col-md-3 vc_col-sm-3 vc_col-xs-4\">\n                                <div class=\"line-box  \">\n                                    <a href=\"https:\/\/rap.montanhasmagicas.pt\/en\/points_of_interest\/portal-do-inferno-e-garra\/\" class=\"link\">\n                                        <div class=\"wrapper\">\n                                            <div class=\"landmark\" style=\"border-color: #de0918\">\n                                                <span class=\"label\">A11<\/span>\n                                            <\/div>\n                                            <div class=\"line\"><\/div>\n                                        <\/div>\t\n                                        <span class=\"name\">Portal do Inferno e Garra<\/span>\n                                    <\/a>\n                                <\/div>\n                            <\/div>\n                                                    <div class=\"vc_col-lg-2 vc_col-md-3 vc_col-sm-3 vc_col-xs-4\">\n                                <div class=\"line-box  \">\n                                    <a href=\"https:\/\/rap.montanhasmagicas.pt\/en\/points_of_interest\/livraria-da-pena\/\" class=\"link\">\n                                        <div class=\"wrapper\">\n                                            <div class=\"landmark\" style=\"border-color: #de0918\">\n                                                <span class=\"label\">A12<\/span>\n                                            <\/div>\n                                            <div class=\"line\"><\/div>\n                                        <\/div>\t\n                                        <span class=\"name\">Livraria da Pena<\/span>\n                                    <\/a>\n                                <\/div>\n                            <\/div>\n                                                    <div class=\"vc_col-lg-2 vc_col-md-3 vc_col-sm-3 vc_col-xs-4\">\n                                <div class=\"line-box  \">\n                                    <a href=\"https:\/\/rap.montanhasmagicas.pt\/en\/points_of_interest\/sao-macario\/\" class=\"link\">\n                                        <div class=\"wrapper\">\n                                            <div class=\"landmark\" style=\"border-color: #de0918\">\n                                                <span class=\"label\">A13<\/span>\n                                            <\/div>\n                                            <div class=\"line\"><\/div>\n                                        <\/div>\t\n                                        <span class=\"name\">S\u00e3o Mac\u00e1rio<\/span>\n                                    <\/a>\n                                <\/div>\n                            <\/div>\n                                                    <div class=\"vc_col-lg-2 vc_col-md-3 vc_col-sm-3 vc_col-xs-4\">\n                                <div class=\"line-box  last-line\">\n                                    <a href=\"https:\/\/rap.montanhasmagicas.pt\/en\/points_of_interest\/vale-do-deilao\/\" class=\"link\">\n                                        <div class=\"wrapper\">\n                                            <div class=\"landmark\" style=\"border-color: #de0918\">\n                                                <span class=\"label\">A14<\/span>\n                                            <\/div>\n                                            <div class=\"line\"><\/div>\n                                        <\/div>\t\n                                        <span class=\"name\">Vale do Deil\u00e3o<\/span>\n                                    <\/a>\n                                <\/div>\n                            <\/div>\n                                            <\/div>\n                <\/div>\t\n            <\/div>\n        <\/div>\n    [\/vc_column_inner][\/vc_row_inner][\/vc_column][\/vc_row][vc_row full_width=&#8221;stretch_row_content_no_spaces&#8221; vc_row_background=&#8221;&#8221; el_class=&#8221;dashboard-row separator-bottom&#8221;][vc_column][vc_row_inner][vc_column_inner]    <div class=\"map-each-line\">\n        <div id=\"map-69f2be74df282\" class=\"map\" style=\"height: 80vh\"><\/div>\n        <div class=\"filter-container\" style=\"margin-top: 30px\">\n            <ul class=\"tabs-list\">\n                <li class=\"tab-item\">\n                    <input type=\"checkbox\" name=\"post_type[]\" id=\"accommodation\" value=\"accommodation\" checked>\n                    <label for=\"accommodation\">\n                        <i class=\"fa fa-bed\"><\/i>\n                        <span class=\"label-name\">Accommodation<\/span>\n                    <\/label>\n                <\/li>\n                <li class=\"tab-item\">\n                    <input type=\"checkbox\" id=\"restaurant\" name=\"post_type[]\" value=\"restaurant\" checked>\n                    <label for=\"restaurant\">\n                        <i class=\"fa fa-utensils\"><\/i>\n                        <span class=\"label-name\">Restaurants<\/span>\n                    <\/label>\n                <\/li>\t\n                <li class=\"tab-item\">\n                    <input type=\"checkbox\" name=\"post_type[]\" id=\"other_service\" value=\"other_service\" checked>\n                    <label for=\"other_service\">\n                        <i class=\"fas fa-binoculars\"><\/i>\n                        <span class=\"label-name\">Other Services<\/span>\n                    <\/label>\n                <\/li>\n                <li class=\"tab-item\">\n                    <input type=\"checkbox\" name=\"post_type[]\" id=\"information\" value=\"information\" checked>\n                    <label for=\"information\">\n                        <i class=\"fas fa-map-signs\"><\/i>\n                        <span class=\"label-name\">Information<\/span>\n                    <\/label>\n                <\/li>\n            <\/ul>\n            \n        <\/div>\n    <\/div>\n    <script>\n        var map;\n        var restaurants = [];\n\t\tvar accommodation = [];\n\t\tvar other_service = [];\n        var information = [];\n\n        var restaurants_group;\n\t\tvar\taccommodation_group;\n\t\tvar\tother_service_group;\n        var information_group;\n\n        jQuery(document).ready(function(){\n            map = L.map('map-69f2be74df282',{\n                zoomControl: true,\n                scrollWheelZoom: true\n            });\n\n                                    var icon = L.icon({\n                            iconSize: [50,50],\n                            iconUrl: \"data:image\/svg+xml,%3Csvg xmlns='http:\/\/www.w3.org\/2000\/svg' width='69.509' height='79.685' viewBox='0 0 69.509 79.685'%3E%3Cpath id='Caminho_633' data-name='Caminho 633' d='M561.313,314.573l15.3-15.3H546.044Z' transform='translate(-526.629 -234.888)' fill='%23de0918'\/%3E%3Cg id='Grupo_123' data-name='Grupo 123' transform='translate(-4211 -4289)'%3E%3Cpath id='Caminho_631' data-name='Caminho 631' d='M561.383,296.4a26.754,26.754,0,1,1,26.755-26.754A26.784,26.784,0,0,1,561.383,296.4Z' transform='translate(3684.371 4054.112)' fill='%23fff'\/%3E%3Cpath id='Caminho_632' data-name='Caminho 632' d='M561.384,242.888a26.754,26.754,0,1,1-26.755,26.754,26.754,26.754,0,0,1,26.755-26.754m0-8a34.754,34.754,0,1,0,34.754,34.754,34.794,34.794,0,0,0-34.754-34.754Z' transform='translate(3684.371 4054.112)' fill='%23de0918'\/%3E%3Ctext id='A2' transform='translate(4219 4310)' text-anchor='middle' y='20' x='27' fill='%23161615' font-size='19' font-family='Manrope, sans-serif' font-weight='700'%3EA2%3C\/text%3E%3C\/g%3E%3C\/svg%3E\"\n                        });\n\n                                                    var popup_15084 = '<div class=\"info-window-map\"><div class=\"image_out\"><img class=\"image\" src=\"https:\/\/rap.montanhasmagicas.pt\/wp-content\/uploads\/2022\/08\/poco-azul-6-300x169.jpg\"><\/div><div class=\"content-map\"><div class=\"content-info\"><h2>Po\u00e7o Azul<\/h2><div class=\"info-wrapper\"><\/div><\/div> <div class=\"content-button-view-more\"><a class=\"button-view-more\" href=\"https:\/\/rap.montanhasmagicas.pt\/en\/points_of_interest\/poco-azul\/\">View More<\/a><\/div><\/div><\/div>';\n                            var marker_15084 =  L.marker([40.780942, -8.165261],{icon:icon}).addTo(map);\n                            marker_15084.bindPopup(popup_15084);\n                                                                    var icon = L.icon({\n                            iconSize: [50,50],\n                            iconUrl: \"data:image\/svg+xml,%3Csvg xmlns='http:\/\/www.w3.org\/2000\/svg' width='69.509' height='79.685' viewBox='0 0 69.509 79.685'%3E%3Cpath id='Caminho_633' data-name='Caminho 633' d='M561.313,314.573l15.3-15.3H546.044Z' transform='translate(-526.629 -234.888)' fill='%23de0918'\/%3E%3Cg id='Grupo_123' data-name='Grupo 123' transform='translate(-4211 -4289)'%3E%3Cpath id='Caminho_631' data-name='Caminho 631' d='M561.383,296.4a26.754,26.754,0,1,1,26.755-26.754A26.784,26.784,0,0,1,561.383,296.4Z' transform='translate(3684.371 4054.112)' fill='%23fff'\/%3E%3Cpath id='Caminho_632' data-name='Caminho 632' d='M561.384,242.888a26.754,26.754,0,1,1-26.755,26.754,26.754,26.754,0,0,1,26.755-26.754m0-8a34.754,34.754,0,1,0,34.754,34.754,34.794,34.794,0,0,0-34.754-34.754Z' transform='translate(3684.371 4054.112)' fill='%23de0918'\/%3E%3Ctext id='A3' transform='translate(4219 4310)' text-anchor='middle' y='20' x='27' fill='%23161615' font-size='19' font-family='Manrope, sans-serif' font-weight='700'%3EA3%3C\/text%3E%3C\/g%3E%3C\/svg%3E\"\n                        });\n\n                                                    var popup_15081 = '<div class=\"info-window-map\"><div class=\"image_out\"><img class=\"image\" src=\"https:\/\/rap.montanhasmagicas.pt\/wp-content\/uploads\/2022\/08\/pedras-boroas-da-landeira-7-1-300x169.jpg\"><\/div><div class=\"content-map\"><div class=\"content-info\"><h2>Pedras Boroas da Landeira<\/h2><div class=\"info-wrapper\"><\/div><\/div> <div class=\"content-button-view-more\"><a class=\"button-view-more\" href=\"https:\/\/rap.montanhasmagicas.pt\/en\/points_of_interest\/pedras-boroas-da-landeira\/\">View More<\/a><\/div><\/div><\/div>';\n                            var marker_15081 =  L.marker([40.786869, -8.154114],{icon:icon}).addTo(map);\n                            marker_15081.bindPopup(popup_15081);\n                                                                    var icon = L.icon({\n                            iconSize: [50,50],\n                            iconUrl: \"data:image\/svg+xml,%3Csvg xmlns='http:\/\/www.w3.org\/2000\/svg' width='69.509' height='79.685' viewBox='0 0 69.509 79.685'%3E%3Cpath id='Caminho_633' data-name='Caminho 633' d='M561.313,314.573l15.3-15.3H546.044Z' transform='translate(-526.629 -234.888)' fill='%23de0918'\/%3E%3Cg id='Grupo_123' data-name='Grupo 123' transform='translate(-4211 -4289)'%3E%3Cpath id='Caminho_631' data-name='Caminho 631' d='M561.383,296.4a26.754,26.754,0,1,1,26.755-26.754A26.784,26.784,0,0,1,561.383,296.4Z' transform='translate(3684.371 4054.112)' fill='%23fff'\/%3E%3Cpath id='Caminho_632' data-name='Caminho 632' d='M561.384,242.888a26.754,26.754,0,1,1-26.755,26.754,26.754,26.754,0,0,1,26.755-26.754m0-8a34.754,34.754,0,1,0,34.754,34.754,34.794,34.794,0,0,0-34.754-34.754Z' transform='translate(3684.371 4054.112)' fill='%23de0918'\/%3E%3Ctext id='A4' transform='translate(4219 4310)' text-anchor='middle' y='20' x='27' fill='%23161615' font-size='19' font-family='Manrope, sans-serif' font-weight='700'%3EA4%3C\/text%3E%3C\/g%3E%3C\/svg%3E\"\n                        });\n\n                                                    var popup_15078 = '<div class=\"info-window-map\"><div class=\"image_out\"><img class=\"image\" src=\"https:\/\/rap.montanhasmagicas.pt\/wp-content\/uploads\/2022\/08\/moinhos-do-pisao-1-300x169.jpg\"><\/div><div class=\"content-map\"><div class=\"content-info\"><h2>Moinhos do Pis\u00e3o<\/h2><div class=\"info-wrapper\"><\/div><\/div> <div class=\"content-button-view-more\"><a class=\"button-view-more\" href=\"https:\/\/rap.montanhasmagicas.pt\/en\/points_of_interest\/moinhos-do-pisao\/\">View More<\/a><\/div><\/div><\/div>';\n                            var marker_15078 =  L.marker([40.799647, -8.129347],{icon:icon}).addTo(map);\n                            marker_15078.bindPopup(popup_15078);\n                                                                    var icon = L.icon({\n                            iconSize: [50,50],\n                            iconUrl: \"data:image\/svg+xml,%3Csvg xmlns='http:\/\/www.w3.org\/2000\/svg' width='69.509' height='79.685' viewBox='0 0 69.509 79.685'%3E%3Cpath id='Caminho_633' data-name='Caminho 633' d='M561.313,314.573l15.3-15.3H546.044Z' transform='translate(-526.629 -234.888)' fill='%23de0918'\/%3E%3Cg id='Grupo_123' data-name='Grupo 123' transform='translate(-4211 -4289)'%3E%3Cpath id='Caminho_631' data-name='Caminho 631' d='M561.383,296.4a26.754,26.754,0,1,1,26.755-26.754A26.784,26.784,0,0,1,561.383,296.4Z' transform='translate(3684.371 4054.112)' fill='%23fff'\/%3E%3Cpath id='Caminho_632' data-name='Caminho 632' d='M561.384,242.888a26.754,26.754,0,1,1-26.755,26.754,26.754,26.754,0,0,1,26.755-26.754m0-8a34.754,34.754,0,1,0,34.754,34.754,34.794,34.794,0,0,0-34.754-34.754Z' transform='translate(3684.371 4054.112)' fill='%23de0918'\/%3E%3Ctext id='A5' transform='translate(4219 4310)' text-anchor='middle' y='20' x='27' fill='%23161615' font-size='19' font-family='Manrope, sans-serif' font-weight='700'%3EA5%3C\/text%3E%3C\/g%3E%3C\/svg%3E\"\n                        });\n\n                                                    var popup_15075 = '<div class=\"info-window-map\"><div class=\"image_out\"><img class=\"image\" src=\"https:\/\/rap.montanhasmagicas.pt\/wp-content\/uploads\/2022\/08\/mariolas-da-arada-3-300x169.jpg\"><\/div><div class=\"content-map\"><div class=\"content-info\"><h2>Mariolas da Arada<\/h2><div class=\"info-wrapper\"><\/div><\/div> <div class=\"content-button-view-more\"><a class=\"button-view-more\" href=\"https:\/\/rap.montanhasmagicas.pt\/en\/points_of_interest\/mariolas-da-arada\/\">View More<\/a><\/div><\/div><\/div>';\n                            var marker_15075 =  L.marker([40.827447, -8.128617],{icon:icon}).addTo(map);\n                            marker_15075.bindPopup(popup_15075);\n                                                                    var icon = L.icon({\n                            iconSize: [50,50],\n                            iconUrl: \"data:image\/svg+xml,%3Csvg xmlns='http:\/\/www.w3.org\/2000\/svg' width='69.509' height='79.685' viewBox='0 0 69.509 79.685'%3E%3Cpath id='Caminho_633' data-name='Caminho 633' d='M561.313,314.573l15.3-15.3H546.044Z' transform='translate(-526.629 -234.888)' fill='%23de0918'\/%3E%3Cg id='Grupo_123' data-name='Grupo 123' transform='translate(-4211 -4289)'%3E%3Cpath id='Caminho_631' data-name='Caminho 631' d='M561.383,296.4a26.754,26.754,0,1,1,26.755-26.754A26.784,26.784,0,0,1,561.383,296.4Z' transform='translate(3684.371 4054.112)' fill='%23fff'\/%3E%3Cpath id='Caminho_632' data-name='Caminho 632' d='M561.384,242.888a26.754,26.754,0,1,1-26.755,26.754,26.754,26.754,0,0,1,26.755-26.754m0-8a34.754,34.754,0,1,0,34.754,34.754,34.794,34.794,0,0,0-34.754-34.754Z' transform='translate(3684.371 4054.112)' fill='%23de0918'\/%3E%3Ctext id='A6' transform='translate(4219 4310)' text-anchor='middle' y='20' x='27' fill='%23161615' font-size='19' font-family='Manrope, sans-serif' font-weight='700'%3EA6%3C\/text%3E%3C\/g%3E%3C\/svg%3E\"\n                        });\n\n                                                    var popup_15072 = '<div class=\"info-window-map\"><div class=\"image_out\"><img class=\"image\" src=\"https:\/\/rap.montanhasmagicas.pt\/wp-content\/uploads\/2022\/08\/turfeira-da-fraguinha-1-300x169.jpg\"><\/div><div class=\"content-map\"><div class=\"content-info\"><h2>Turfeira da Fraguinha<\/h2><div class=\"info-wrapper\"><\/div><\/div> <div class=\"content-button-view-more\"><a class=\"button-view-more\" href=\"https:\/\/rap.montanhasmagicas.pt\/en\/points_of_interest\/turfeira-da-fraguinha\/\">View More<\/a><\/div><\/div><\/div>';\n                            var marker_15072 =  L.marker([40.832025, -8.157028],{icon:icon}).addTo(map);\n                            marker_15072.bindPopup(popup_15072);\n                                                                    var icon = L.icon({\n                            iconSize: [50,50],\n                            iconUrl: \"data:image\/svg+xml,%3Csvg xmlns='http:\/\/www.w3.org\/2000\/svg' width='69.509' height='79.685' viewBox='0 0 69.509 79.685'%3E%3Cpath id='Caminho_633' data-name='Caminho 633' d='M561.313,314.573l15.3-15.3H546.044Z' transform='translate(-526.629 -234.888)' fill='%23de0918'\/%3E%3Cg id='Grupo_123' data-name='Grupo 123' transform='translate(-4211 -4289)'%3E%3Cpath id='Caminho_631' data-name='Caminho 631' d='M561.383,296.4a26.754,26.754,0,1,1,26.755-26.754A26.784,26.784,0,0,1,561.383,296.4Z' transform='translate(3684.371 4054.112)' fill='%23fff'\/%3E%3Cpath id='Caminho_632' data-name='Caminho 632' d='M561.384,242.888a26.754,26.754,0,1,1-26.755,26.754,26.754,26.754,0,0,1,26.755-26.754m0-8a34.754,34.754,0,1,0,34.754,34.754,34.794,34.794,0,0,0-34.754-34.754Z' transform='translate(3684.371 4054.112)' fill='%23de0918'\/%3E%3Ctext id='A7' transform='translate(4219 4310)' text-anchor='middle' y='20' x='27' fill='%23161615' font-size='19' font-family='Manrope, sans-serif' font-weight='700'%3EA7%3C\/text%3E%3C\/g%3E%3C\/svg%3E\"\n                        });\n\n                                                    var popup_15069 = '<div class=\"info-window-map\"><div class=\"image_out\"><img class=\"image\" src=\"https:\/\/rap.montanhasmagicas.pt\/wp-content\/uploads\/2022\/08\/minas-de-rio-de-frades-3-300x169.jpg\"><\/div><div class=\"content-map\"><div class=\"content-info\"><h2>Minas de Rio de Frades<\/h2><div class=\"info-wrapper\"><\/div><\/div> <div class=\"content-button-view-more\"><a class=\"button-view-more\" href=\"https:\/\/rap.montanhasmagicas.pt\/en\/points_of_interest\/minas-de-rio-de-frades\/\">View More<\/a><\/div><\/div><\/div>';\n                            var marker_15069 =  L.marker([40.876264, -8.189347],{icon:icon}).addTo(map);\n                            marker_15069.bindPopup(popup_15069);\n                                                                    var icon = L.icon({\n                            iconSize: [50,50],\n                            iconUrl: \"data:image\/svg+xml,%3Csvg xmlns='http:\/\/www.w3.org\/2000\/svg' width='69.509' height='79.685' viewBox='0 0 69.509 79.685'%3E%3Cpath id='Caminho_633' data-name='Caminho 633' d='M561.313,314.573l15.3-15.3H546.044Z' transform='translate(-526.629 -234.888)' fill='%23de0918'\/%3E%3Cg id='Grupo_123' data-name='Grupo 123' transform='translate(-4211 -4289)'%3E%3Cpath id='Caminho_631' data-name='Caminho 631' d='M561.383,296.4a26.754,26.754,0,1,1,26.755-26.754A26.784,26.784,0,0,1,561.383,296.4Z' transform='translate(3684.371 4054.112)' fill='%23fff'\/%3E%3Cpath id='Caminho_632' data-name='Caminho 632' d='M561.384,242.888a26.754,26.754,0,1,1-26.755,26.754,26.754,26.754,0,0,1,26.755-26.754m0-8a34.754,34.754,0,1,0,34.754,34.754,34.794,34.794,0,0,0-34.754-34.754Z' transform='translate(3684.371 4054.112)' fill='%23de0918'\/%3E%3Ctext id='A8' transform='translate(4219 4310)' text-anchor='middle' y='20' x='27' fill='%23161615' font-size='19' font-family='Manrope, sans-serif' font-weight='700'%3EA8%3C\/text%3E%3C\/g%3E%3C\/svg%3E\"\n                        });\n\n                                                    var popup_15066 = '<div class=\"info-window-map\"><div class=\"image_out\"><img class=\"image\" src=\"https:\/\/rap.montanhasmagicas.pt\/wp-content\/uploads\/2022\/08\/pocos-do-paivo-2-300x169.jpg\"><\/div><div class=\"content-map\"><div class=\"content-info\"><h2>Po\u00e7os do Paiv\u00f4<\/h2><div class=\"info-wrapper\"><\/div><\/div> <div class=\"content-button-view-more\"><a class=\"button-view-more\" href=\"https:\/\/rap.montanhasmagicas.pt\/en\/points_of_interest\/pocos-do-paivo\/\">View More<\/a><\/div><\/div><\/div>';\n                            var marker_15066 =  L.marker([40.884403, -8.168711],{icon:icon}).addTo(map);\n                            marker_15066.bindPopup(popup_15066);\n                                                                    var icon = L.icon({\n                            iconSize: [50,50],\n                            iconUrl: \"data:image\/svg+xml,%3Csvg xmlns='http:\/\/www.w3.org\/2000\/svg' width='69.509' height='79.685' viewBox='0 0 69.509 79.685'%3E%3Cpath id='Caminho_633' data-name='Caminho 633' d='M561.313,314.573l15.3-15.3H546.044Z' transform='translate(-526.629 -234.888)' fill='%23de0918'\/%3E%3Cg id='Grupo_123' data-name='Grupo 123' transform='translate(-4211 -4289)'%3E%3Cpath id='Caminho_631' data-name='Caminho 631' d='M561.383,296.4a26.754,26.754,0,1,1,26.755-26.754A26.784,26.784,0,0,1,561.383,296.4Z' transform='translate(3684.371 4054.112)' fill='%23fff'\/%3E%3Cpath id='Caminho_632' data-name='Caminho 632' d='M561.384,242.888a26.754,26.754,0,1,1-26.755,26.754,26.754,26.754,0,0,1,26.755-26.754m0-8a34.754,34.754,0,1,0,34.754,34.754,34.794,34.794,0,0,0-34.754-34.754Z' transform='translate(3684.371 4054.112)' fill='%23de0918'\/%3E%3Ctext id='A9' transform='translate(4219 4310)' text-anchor='middle' y='20' x='27' fill='%23161615' font-size='19' font-family='Manrope, sans-serif' font-weight='700'%3EA9%3C\/text%3E%3C\/g%3E%3C\/svg%3E\"\n                        });\n\n                                                    var popup_15063 = '<div class=\"info-window-map\"><div class=\"image_out\"><img class=\"image\" src=\"https:\/\/rap.montanhasmagicas.pt\/wp-content\/uploads\/2022\/08\/minas-de-regoufe-3-300x169.jpg\"><\/div><div class=\"content-map\"><div class=\"content-info\"><h2>Minas de Regoufe<\/h2><div class=\"info-wrapper\"><\/div><\/div> <div class=\"content-button-view-more\"><a class=\"button-view-more\" href=\"https:\/\/rap.montanhasmagicas.pt\/en\/points_of_interest\/minas-de-regoufe\/\">View More<\/a><\/div><\/div><\/div>';\n                            var marker_15063 =  L.marker([40.879428, -8.134392],{icon:icon}).addTo(map);\n                            marker_15063.bindPopup(popup_15063);\n                                                                    var icon = L.icon({\n                            iconSize: [50,50],\n                            iconUrl: \"data:image\/svg+xml,%3Csvg xmlns='http:\/\/www.w3.org\/2000\/svg' width='69.509' height='79.685' viewBox='0 0 69.509 79.685'%3E%3Cpath id='Caminho_633' data-name='Caminho 633' d='M561.313,314.573l15.3-15.3H546.044Z' transform='translate(-526.629 -234.888)' fill='%23de0918'\/%3E%3Cg id='Grupo_123' data-name='Grupo 123' transform='translate(-4211 -4289)'%3E%3Cpath id='Caminho_631' data-name='Caminho 631' d='M561.383,296.4a26.754,26.754,0,1,1,26.755-26.754A26.784,26.784,0,0,1,561.383,296.4Z' transform='translate(3684.371 4054.112)' fill='%23fff'\/%3E%3Cpath id='Caminho_632' data-name='Caminho 632' d='M561.384,242.888a26.754,26.754,0,1,1-26.755,26.754,26.754,26.754,0,0,1,26.755-26.754m0-8a34.754,34.754,0,1,0,34.754,34.754,34.794,34.794,0,0,0-34.754-34.754Z' transform='translate(3684.371 4054.112)' fill='%23de0918'\/%3E%3Ctext id='A10' transform='translate(4219 4310)' text-anchor='middle' y='20' x='27' fill='%23161615' font-size='19' font-family='Manrope, sans-serif' font-weight='700'%3EA10%3C\/text%3E%3C\/g%3E%3C\/svg%3E\"\n                        });\n\n                                                    var popup_15060 = '<div class=\"info-window-map\"><div class=\"image_out\"><img class=\"image\" src=\"https:\/\/rap.montanhasmagicas.pt\/wp-content\/uploads\/2022\/08\/lagoas-de-drave-3-300x169.jpg\"><\/div><div class=\"content-map\"><div class=\"content-info\"><h2>Lagoas de Drave<\/h2><div class=\"info-wrapper\"><\/div><\/div> <div class=\"content-button-view-more\"><a class=\"button-view-more\" href=\"https:\/\/rap.montanhasmagicas.pt\/en\/points_of_interest\/lagoas-de-drave\/\">View More<\/a><\/div><\/div><\/div>';\n                            var marker_15060 =  L.marker([40.861144, -8.117656],{icon:icon}).addTo(map);\n                            marker_15060.bindPopup(popup_15060);\n                                                                    var icon = L.icon({\n                            iconSize: [50,50],\n                            iconUrl: \"data:image\/svg+xml,%3Csvg xmlns='http:\/\/www.w3.org\/2000\/svg' width='69.509' height='79.685' viewBox='0 0 69.509 79.685'%3E%3Cpath id='Caminho_633' data-name='Caminho 633' d='M561.313,314.573l15.3-15.3H546.044Z' transform='translate(-526.629 -234.888)' fill='%23de0918'\/%3E%3Cg id='Grupo_123' data-name='Grupo 123' transform='translate(-4211 -4289)'%3E%3Cpath id='Caminho_631' data-name='Caminho 631' d='M561.383,296.4a26.754,26.754,0,1,1,26.755-26.754A26.784,26.784,0,0,1,561.383,296.4Z' transform='translate(3684.371 4054.112)' fill='%23fff'\/%3E%3Cpath id='Caminho_632' data-name='Caminho 632' d='M561.384,242.888a26.754,26.754,0,1,1-26.755,26.754,26.754,26.754,0,0,1,26.755-26.754m0-8a34.754,34.754,0,1,0,34.754,34.754,34.794,34.794,0,0,0-34.754-34.754Z' transform='translate(3684.371 4054.112)' fill='%23de0918'\/%3E%3Ctext id='A11' transform='translate(4219 4310)' text-anchor='middle' y='20' x='27' fill='%23161615' font-size='19' font-family='Manrope, sans-serif' font-weight='700'%3EA11%3C\/text%3E%3C\/g%3E%3C\/svg%3E\"\n                        });\n\n                                                    var popup_15057 = '<div class=\"info-window-map\"><div class=\"image_out\"><img class=\"image\" src=\"https:\/\/rap.montanhasmagicas.pt\/wp-content\/uploads\/2022\/03\/portal-do-inferno-e-garra-4-300x169.jpg\"><\/div><div class=\"content-map\"><div class=\"content-info\"><h2>Portal do Inferno e Garra<\/h2><div class=\"info-wrapper\"><\/div><\/div> <div class=\"content-button-view-more\"><a class=\"button-view-more\" href=\"https:\/\/rap.montanhasmagicas.pt\/en\/points_of_interest\/portal-do-inferno-e-garra\/\">View More<\/a><\/div><\/div><\/div>';\n                            var marker_15057 =  L.marker([40.873317, -8.110022],{icon:icon}).addTo(map);\n                            marker_15057.bindPopup(popup_15057);\n                                                                    var icon = L.icon({\n                            iconSize: [50,50],\n                            iconUrl: \"data:image\/svg+xml,%3Csvg xmlns='http:\/\/www.w3.org\/2000\/svg' width='69.509' height='79.685' viewBox='0 0 69.509 79.685'%3E%3Cpath id='Caminho_633' data-name='Caminho 633' d='M561.313,314.573l15.3-15.3H546.044Z' transform='translate(-526.629 -234.888)' fill='%23de0918'\/%3E%3Cg id='Grupo_123' data-name='Grupo 123' transform='translate(-4211 -4289)'%3E%3Cpath id='Caminho_631' data-name='Caminho 631' d='M561.383,296.4a26.754,26.754,0,1,1,26.755-26.754A26.784,26.784,0,0,1,561.383,296.4Z' transform='translate(3684.371 4054.112)' fill='%23fff'\/%3E%3Cpath id='Caminho_632' data-name='Caminho 632' d='M561.384,242.888a26.754,26.754,0,1,1-26.755,26.754,26.754,26.754,0,0,1,26.755-26.754m0-8a34.754,34.754,0,1,0,34.754,34.754,34.794,34.794,0,0,0-34.754-34.754Z' transform='translate(3684.371 4054.112)' fill='%23de0918'\/%3E%3Ctext id='A12' transform='translate(4219 4310)' text-anchor='middle' y='20' x='27' fill='%23161615' font-size='19' font-family='Manrope, sans-serif' font-weight='700'%3EA12%3C\/text%3E%3C\/g%3E%3C\/svg%3E\"\n                        });\n\n                                                    var popup_15054 = '<div class=\"info-window-map\"><div class=\"image_out\"><img class=\"image\" src=\"https:\/\/rap.montanhasmagicas.pt\/wp-content\/uploads\/2022\/08\/livraria-pena-azinheiras-300x200.jpg\"><\/div><div class=\"content-map\"><div class=\"content-info\"><h2>Livraria da Pena<\/h2><div class=\"info-wrapper\"><\/div><\/div> <div class=\"content-button-view-more\"><a class=\"button-view-more\" href=\"https:\/\/rap.montanhasmagicas.pt\/en\/points_of_interest\/livraria-da-pena\/\">View More<\/a><\/div><\/div><\/div>';\n                            var marker_15054 =  L.marker([40.881328, -8.078819],{icon:icon}).addTo(map);\n                            marker_15054.bindPopup(popup_15054);\n                                                                    var icon = L.icon({\n                            iconSize: [50,50],\n                            iconUrl: \"data:image\/svg+xml,%3Csvg xmlns='http:\/\/www.w3.org\/2000\/svg' width='69.509' height='79.685' viewBox='0 0 69.509 79.685'%3E%3Cpath id='Caminho_633' data-name='Caminho 633' d='M561.313,314.573l15.3-15.3H546.044Z' transform='translate(-526.629 -234.888)' fill='%23de0918'\/%3E%3Cg id='Grupo_123' data-name='Grupo 123' transform='translate(-4211 -4289)'%3E%3Cpath id='Caminho_631' data-name='Caminho 631' d='M561.383,296.4a26.754,26.754,0,1,1,26.755-26.754A26.784,26.784,0,0,1,561.383,296.4Z' transform='translate(3684.371 4054.112)' fill='%23fff'\/%3E%3Cpath id='Caminho_632' data-name='Caminho 632' d='M561.384,242.888a26.754,26.754,0,1,1-26.755,26.754,26.754,26.754,0,0,1,26.755-26.754m0-8a34.754,34.754,0,1,0,34.754,34.754,34.794,34.794,0,0,0-34.754-34.754Z' transform='translate(3684.371 4054.112)' fill='%23de0918'\/%3E%3Ctext id='A1' transform='translate(4219 4310)' text-anchor='middle' y='20' x='27' fill='%23161615' font-size='19' font-family='Manrope, sans-serif' font-weight='700'%3EA1%3C\/text%3E%3C\/g%3E%3C\/svg%3E\"\n                        });\n\n                                                    var popup_15051 = '<div class=\"info-window-map\"><div class=\"image_out\"><img class=\"image\" src=\"https:\/\/rap.montanhasmagicas.pt\/wp-content\/uploads\/2022\/08\/ponte-romana-300x200.jpg\"><\/div><div class=\"content-map\"><div class=\"content-info\"><h2>Po\u00e7os da Ponte Teixeira<\/h2><div class=\"info-wrapper\"><\/div><\/div> <div class=\"content-button-view-more\"><a class=\"button-view-more\" href=\"https:\/\/rap.montanhasmagicas.pt\/en\/points_of_interest\/pocos-da-ponte-teixeira\/\">View More<\/a><\/div><\/div><\/div>';\n                            var marker_15051 =  L.marker([40.773179, -8.170219],{icon:icon}).addTo(map);\n                            marker_15051.bindPopup(popup_15051);\n                                                                    var icon = L.icon({\n                            iconSize: [50,50],\n                            iconUrl: \"data:image\/svg+xml,%3Csvg xmlns='http:\/\/www.w3.org\/2000\/svg' width='69.509' height='79.685' viewBox='0 0 69.509 79.685'%3E%3Cpath id='Caminho_633' data-name='Caminho 633' d='M561.313,314.573l15.3-15.3H546.044Z' transform='translate(-526.629 -234.888)' fill='%23de0918'\/%3E%3Cg id='Grupo_123' data-name='Grupo 123' transform='translate(-4211 -4289)'%3E%3Cpath id='Caminho_631' data-name='Caminho 631' d='M561.383,296.4a26.754,26.754,0,1,1,26.755-26.754A26.784,26.784,0,0,1,561.383,296.4Z' transform='translate(3684.371 4054.112)' fill='%23fff'\/%3E%3Cpath id='Caminho_632' data-name='Caminho 632' d='M561.384,242.888a26.754,26.754,0,1,1-26.755,26.754,26.754,26.754,0,0,1,26.755-26.754m0-8a34.754,34.754,0,1,0,34.754,34.754,34.794,34.794,0,0,0-34.754-34.754Z' transform='translate(3684.371 4054.112)' fill='%23de0918'\/%3E%3Ctext id='A13' transform='translate(4219 4310)' text-anchor='middle' y='20' x='27' fill='%23161615' font-size='19' font-family='Manrope, sans-serif' font-weight='700'%3EA13%3C\/text%3E%3C\/g%3E%3C\/svg%3E\"\n                        });\n\n                                                    var popup_15047 = '<div class=\"info-window-map\"><div class=\"image_out\"><img class=\"image\" src=\"https:\/\/rap.montanhasmagicas.pt\/wp-content\/uploads\/2022\/10\/ermida-de-sao-macario-300x200.jpg\"><\/div><div class=\"content-map\"><div class=\"content-info\"><h2>S\u00e3o Mac\u00e1rio<\/h2><div class=\"info-wrapper\"><\/div><\/div> <div class=\"content-button-view-more\"><a class=\"button-view-more\" href=\"https:\/\/rap.montanhasmagicas.pt\/en\/points_of_interest\/sao-macario\/\">View More<\/a><\/div><\/div><\/div>';\n                            var marker_15047 =  L.marker([40.875808, -8.064447],{icon:icon}).addTo(map);\n                            marker_15047.bindPopup(popup_15047);\n                                                                    var icon = L.icon({\n                            iconSize: [50,50],\n                            iconUrl: \"data:image\/svg+xml,%3Csvg xmlns='http:\/\/www.w3.org\/2000\/svg' width='69.509' height='79.685' viewBox='0 0 69.509 79.685'%3E%3Cpath id='Caminho_633' data-name='Caminho 633' d='M561.313,314.573l15.3-15.3H546.044Z' transform='translate(-526.629 -234.888)' fill='%23de0918'\/%3E%3Cg id='Grupo_123' data-name='Grupo 123' transform='translate(-4211 -4289)'%3E%3Cpath id='Caminho_631' data-name='Caminho 631' d='M561.383,296.4a26.754,26.754,0,1,1,26.755-26.754A26.784,26.784,0,0,1,561.383,296.4Z' transform='translate(3684.371 4054.112)' fill='%23fff'\/%3E%3Cpath id='Caminho_632' data-name='Caminho 632' d='M561.384,242.888a26.754,26.754,0,1,1-26.755,26.754,26.754,26.754,0,0,1,26.755-26.754m0-8a34.754,34.754,0,1,0,34.754,34.754,34.794,34.794,0,0,0-34.754-34.754Z' transform='translate(3684.371 4054.112)' fill='%23de0918'\/%3E%3Ctext id='A14' transform='translate(4219 4310)' text-anchor='middle' y='20' x='27' fill='%23161615' font-size='19' font-family='Manrope, sans-serif' font-weight='700'%3EA14%3C\/text%3E%3C\/g%3E%3C\/svg%3E\"\n                        });\n\n                                                    var popup_15040 = '<div class=\"info-window-map\"><div class=\"image_out\"><img class=\"image\" src=\"https:\/\/rap.montanhasmagicas.pt\/wp-content\/uploads\/2022\/10\/vale-do-deilao-300x200.jpg\"><\/div><div class=\"content-map\"><div class=\"content-info\"><h2>Vale do Deil\u00e3o<\/h2><div class=\"info-wrapper\"><\/div><\/div> <div class=\"content-button-view-more\"><a class=\"button-view-more\" href=\"https:\/\/rap.montanhasmagicas.pt\/en\/points_of_interest\/vale-do-deilao\/\">View More<\/a><\/div><\/div><\/div>';\n                            var marker_15040 =  L.marker([40.899983,-8.062694],{icon:icon}).addTo(map);\n                            marker_15040.bindPopup(popup_15040);\n                                                        var bounds = new L.LatLngBounds([\n                [[\"40.780942\",\" -8.165261\"],[\"40.786869\",\" -8.154114\"],[\"40.799647\",\" -8.129347\"],[\"40.827447\",\" -8.128617\"],[\"40.832025\",\" -8.157028\"],[\"40.876264\",\" -8.189347\"],[\"40.884403\",\" -8.168711\"],[\"40.879428\",\" -8.134392\"],[\"40.861144\",\" -8.117656\"],[\"40.873317\",\" -8.110022\"],[\"40.881328\",\" -8.078819\"],[\"40.773179\",\" -8.170219\"],[\"40.875808\",\" -8.064447\"],[\"40.899983\",\"-8.062694\"]]            ]);\n            map.fitBounds(bounds,{padding: [60,60]});\n            L.tileLayer('https:\/\/{s}.tile.openstreetmap.org\/{z}\/{x}\/{y}.png').addTo(map);\n\n            map.scrollWheelZoom.disable();\n\n            \n\t\t\trestaurants_group = L.layerGroup(restaurants);\n\t\t\taccommodation_group = L.layerGroup(accommodation);\n\t\t\tother_service_group = L.layerGroup(other_service);\n\n\t\t\trestaurants_group.addTo(map);\n\t\t\taccommodation_group.addTo(map);\n\t\t\tother_service_group.addTo(map);\n            \n            \n                                var kml = omnivore.kml('https:\/\/rap.montanhasmagicas.pt\/wp-content\/uploads\/2022\/10\/Rota-A-Arada.kml');\n                kml.on('ready', function() {\n                        this.setStyle({color: \"#222222\"});\n                });\n\t\t\t\tkml.addTo(map);\n            \n            \n                                var kml_pedestrian = omnivore.kml('https:\/\/rap.montanhasmagicas.pt\/wp-content\/uploads\/2022\/10\/Rota-A-Pedonal.kml');\n                kml_pedestrian.on('ready', function() {\n                        this.setStyle({color: \"#ffaa00\", width: 0.1});\n                });\n                kml_pedestrian.addTo(map);\n            \n                            var icon = L.icon({\n                    iconSize: [50,50],\n                    iconUrl: \"data:image\/svg+xml,%3Csvg xmlns='http:\/\/www.w3.org\/2000\/svg' width='38.813' height='49' viewBox='0 0 38.813 49'%3E%3Cg id='Grupo_123' data-name='Grupo 123' transform='translate(-5.594 -0.5)'%3E%3Cg id='Grupo_122' data-name='Grupo 122'%3E%3Cpath id='Caminho_629' data-name='Caminho 629' d='M44.4,19.9a19.4,19.4,0,1,0-38.8,0c0,.046,0,.091,0,.137-.043,1.541.033,16.87,19.39,29.461h.027C45.416,36.228,44.4,19.9,44.4,19.9Z' fill='%2329abe2'\/%3E%3Ccircle id='Elipse_12' data-name='Elipse 12' cx='14.195' cy='14.195' r='14.195' transform='translate(10.801 5.707)' fill='%23fff'\/%3E%3C\/g%3E%3Cpath id='Caminho_630' data-name='Caminho 630' d='M28.733,27.528a2.833,2.833,0,0,0-2.678-1.911H25.9V22.581l4.71-.01a.454.454,0,0,0,.474-.412.456.456,0,0,0-.1-.324c-.325-.425-1-1.312-1-1.312l.986-1.287a.49.49,0,0,0,.1-.4.47.47,0,0,0-.459-.375H25.9v-1.96h2.838a1.216,1.216,0,0,0,.794-.294l1.577-1.349h0a.518.518,0,0,0,.182-.394.533.533,0,0,0-.184-.407l-1.573-1.375a1.214,1.214,0,0,0-.8-.306h-9.34a.44.44,0,0,0-.271.111l-.148.148a.3.3,0,0,0-.026.4l1.066,1.408-.99,1.3h0a.478.478,0,0,0-.1.384.452.452,0,0,0,.159.262.463.463,0,0,0,.289.1H24.1v1.968H21.263a1.222,1.222,0,0,0-.792.292L18.9,20.1a.532.532,0,0,0-.186.4.539.539,0,0,0,.186.407l1.571,1.365h0a1.216,1.216,0,0,0,.8.3H24.1v3.038h-.159a2.831,2.831,0,0,0-2.679,1.908.516.516,0,0,0,.487.67h6.494a.512.512,0,0,0,.41-.212.517.517,0,0,0,.077-.455Z' fill='%2329abe2'\/%3E%3C\/g%3E%3C\/svg%3E\"\n                });\n\n                var popup_69f2be74e70ff = '<div class=\"info-window-map\"><div class=\"content-map\"><div class=\"content-info\"><h2>Information Panel<\/h2><div class=\"info-wrapper\"><\/div><\/div> <div class=\"content-button-view-more\"><a class=\"button-view-more\" target=\"_blank\" href=\"https:\/\/www.google.com\/maps?saddr=My+Location&daddr=40.832183,-8.158578\">Get Directions<\/a><\/div><\/div><\/div>';\n                var marker_69f2be74e70ff =  L.marker([40.832183,-8.158578],{icon:icon});\n                marker_69f2be74e70ff.bindPopup(popup_69f2be74e70ff);\n                information.push(marker_69f2be74e70ff);\n\n                    \n                            var icon = L.icon({\n                    iconSize: [50,50],\n                    iconUrl: \"data:image\/svg+xml,%3Csvg xmlns='http:\/\/www.w3.org\/2000\/svg' width='38.813' height='49' viewBox='0 0 38.813 49'%3E%3Cg id='Grupo_123' data-name='Grupo 123' transform='translate(-5.594 -0.5)'%3E%3Cg id='Grupo_122' data-name='Grupo 122'%3E%3Cpath id='Caminho_629' data-name='Caminho 629' d='M44.4,19.9a19.4,19.4,0,1,0-38.8,0c0,.046,0,.091,0,.137-.043,1.541.033,16.87,19.39,29.461h.027C45.416,36.228,44.4,19.9,44.4,19.9Z' fill='%2329abe2'\/%3E%3Ccircle id='Elipse_12' data-name='Elipse 12' cx='14.195' cy='14.195' r='14.195' transform='translate(10.801 5.707)' fill='%23fff'\/%3E%3C\/g%3E%3Cpath id='Caminho_630' data-name='Caminho 630' d='M28.733,27.528a2.833,2.833,0,0,0-2.678-1.911H25.9V22.581l4.71-.01a.454.454,0,0,0,.474-.412.456.456,0,0,0-.1-.324c-.325-.425-1-1.312-1-1.312l.986-1.287a.49.49,0,0,0,.1-.4.47.47,0,0,0-.459-.375H25.9v-1.96h2.838a1.216,1.216,0,0,0,.794-.294l1.577-1.349h0a.518.518,0,0,0,.182-.394.533.533,0,0,0-.184-.407l-1.573-1.375a1.214,1.214,0,0,0-.8-.306h-9.34a.44.44,0,0,0-.271.111l-.148.148a.3.3,0,0,0-.026.4l1.066,1.408-.99,1.3h0a.478.478,0,0,0-.1.384.452.452,0,0,0,.159.262.463.463,0,0,0,.289.1H24.1v1.968H21.263a1.222,1.222,0,0,0-.792.292L18.9,20.1a.532.532,0,0,0-.186.4.539.539,0,0,0,.186.407l1.571,1.365h0a1.216,1.216,0,0,0,.8.3H24.1v3.038h-.159a2.831,2.831,0,0,0-2.679,1.908.516.516,0,0,0,.487.67h6.494a.512.512,0,0,0,.41-.212.517.517,0,0,0,.077-.455Z' fill='%2329abe2'\/%3E%3C\/g%3E%3C\/svg%3E\"\n                });\n\n                var popup_69f2be74e7139 = '<div class=\"info-window-map\"><div class=\"content-map\"><div class=\"content-info\"><h2>Information Panel<\/h2><div class=\"info-wrapper\"><\/div><\/div> <div class=\"content-button-view-more\"><a class=\"button-view-more\" target=\"_blank\" href=\"https:\/\/www.google.com\/maps?saddr=My+Location&daddr=40.773306,-8.169500\">Get Directions<\/a><\/div><\/div><\/div>';\n                var marker_69f2be74e7139 =  L.marker([40.773306,-8.169500],{icon:icon});\n                marker_69f2be74e7139.bindPopup(popup_69f2be74e7139);\n                information.push(marker_69f2be74e7139);\n\n                    \n                        information_group = L.layerGroup(information);\n            information_group.addTo(map);\n        });\n\n\n        jQuery('input:checked[name=\"post_type[]\"]').on(\"change\", function(){\n            var $ = jQuery;\n            const value = $(this).val();\n            if($(this).is(\":checked\")){\n                switch(value){\n                    case 'restaurant':\n                        restaurants_group.addTo(map);\n                        break;\n                    case 'accommodation':\n                        accommodation_group.addTo(map);\n                        break;\n                    case 'other_service':\n                        other_service_group.addTo(map);\n                        break;\n                    case 'information':\n                        information_group.addTo(map);\n                        break;\n                }\n            }\n            else{\n                switch(value){\n                    case 'restaurant':\n                        map.removeLayer(restaurants_group);\n                        break;\n                    case 'accommodation':\n                        map.removeLayer(accommodation_group);\n                        break;\n                    case 'other_service':\n                        map.removeLayer(other_service_group);\n                        break;\n                    case 'information':\n                        map.removeLayer(information_group);\n                        break;\n                }\n            }\n        });\n    <\/script>\n    [\/vc_column_inner][\/vc_row_inner][vc_row_inner][vc_column_inner]\n        <div id=\"line-ponts-grid-3\" class=\"line-points-grid\">\n            \n        <\/div>\n\n    [\/vc_column_inner][\/vc_row_inner][\/vc_column][\/vc_row]<\/p>\n","protected":false},"excerpt":{"rendered":"<p>[vc_row full_width=&#8221;stretch_row&#8221; vc_row_background=&#8221;&#8221; el_class=&#8221;separator-bottom&#8221;][vc_column][vc_row_inner el_class=&#8221;separator-bottom&#8221;][vc_column_inner][\/vc_column_inner][\/vc_row_inner][vc_row_inner el_class=&#8221;separator-bottom&#8221;][vc_column_inner][vc_column_text] EXPLORE SERRA DA ARADA At over 1071 meters high [\/vc_column_text][\/vc_column_inner][\/vc_row_inner][vc_row_inner][vc_column_inner offset=&#8221;vc_col-lg-8 vc_col-md-8 vc_col-xs-12&#8243;][vc_column_text]The Arada mountain is located at the eastern end of the Gralheira massif, reaching 1071 meters at its summit. The Arada has valleys ripped in schist and granite, reminiscences of exotic destinations of lost continents. Its mineral [&hellip;]<\/p>\n","protected":false},"author":1,"featured_media":14982,"parent":16757,"menu_order":10,"comment_status":"closed","ping_status":"closed","template":"page-rotapedra.php","meta":[],"_links":{"self":[{"href":"https:\/\/rap.montanhasmagicas.pt\/en\/wp-json\/wp\/v2\/pages\/16514"}],"collection":[{"href":"https:\/\/rap.montanhasmagicas.pt\/en\/wp-json\/wp\/v2\/pages"}],"about":[{"href":"https:\/\/rap.montanhasmagicas.pt\/en\/wp-json\/wp\/v2\/types\/page"}],"author":[{"embeddable":true,"href":"https:\/\/rap.montanhasmagicas.pt\/en\/wp-json\/wp\/v2\/users\/1"}],"replies":[{"embeddable":true,"href":"https:\/\/rap.montanhasmagicas.pt\/en\/wp-json\/wp\/v2\/comments?post=16514"}],"version-history":[{"count":0,"href":"https:\/\/rap.montanhasmagicas.pt\/en\/wp-json\/wp\/v2\/pages\/16514\/revisions"}],"up":[{"embeddable":true,"href":"https:\/\/rap.montanhasmagicas.pt\/en\/wp-json\/wp\/v2\/pages\/16757"}],"wp:featuredmedia":[{"embeddable":true,"href":"https:\/\/rap.montanhasmagicas.pt\/en\/wp-json\/wp\/v2\/media\/14982"}],"wp:attachment":[{"href":"https:\/\/rap.montanhasmagicas.pt\/en\/wp-json\/wp\/v2\/media?parent=16514"}],"curies":[{"name":"wp","href":"https:\/\/api.w.org\/{rel}","templated":true}]}}