{"id":15529,"date":"2022-10-11T16:21:51","date_gmt":"2022-10-11T15:21:51","guid":{"rendered":"https:\/\/rap.montanhasmagicas.pt\/?post_type=points_of_interest&#038;p=15529"},"modified":"2022-10-11T16:21:51","modified_gmt":"2022-10-11T15:21:51","slug":"minas-do-bracal","status":"publish","type":"points_of_interest","link":"https:\/\/rap.montanhasmagicas.pt\/es\/points_of_interest\/minas-do-bracal\/","title":{"rendered":"Minas do Bra\u00e7al"},"content":{"rendered":"<p>El complejo minero de Bra\u00e7al (que incluye las minas de Bra\u00e7al, Malhada y Coval da M\u00f3) esta ubicado en el r\u00edo Mau, en la ladera Este de la sierra de Bra\u00e7al, ha permitido la explotaci\u00f3n de uno de los m\u00e1s grandes yacimientos mineros de la regi\u00f3n de Aveiro. La explotaci\u00f3n empez\u00f3 en las minas de Bra\u00e7al en 1836, terminando en 1918; recomenz\u00f3 en 1943 alarg\u00e1ndose a las minas de Malhada (m\u00e1s al norte) y permaneci\u00f3 activa hasta 1972, llegando a tener m\u00e1s de 700 trabajadores. Las minas de Bra\u00e7al han explotado filones hidrotermales ricos en plomo (Pb), zinc (Zn) y plata (Ag). El plomo ha sido el principal producto extra\u00eddo de este complejo minero.<\/p>\n","protected":false},"featured_media":14410,"template":"","lines_points_of_interest":[1103],"line_data":{"name":"L\u00ednea T \u2013\u00a0Arestal","letter":"T","color":"#fff200"},"featured_url":"https:\/\/rap.montanhasmagicas.pt\/wp-content\/uploads\/2022\/10\/Levada-2-684x1024.jpeg","images_gallery":[{"image_url":"https:\/\/rap.montanhasmagicas.pt\/wp-content\/uploads\/2022\/10\/CanalizacaoRioMau.jpeg","image_title":"Canaliza\u00e7\u00e3o do rio Mau"},{"image_url":"https:\/\/rap.montanhasmagicas.pt\/wp-content\/uploads\/2022\/10\/Levada-2.jpeg","image_title":"Levada"},{"image_url":"https:\/\/rap.montanhasmagicas.pt\/wp-content\/uploads\/2022\/10\/Ruinas-1.jpeg","image_title":"Ru\u00ednas das instala\u00e7\u00f5es das Minas do Bra\u00e7al"}],"interests":[{"title":"Biodiversidad","description":"<p>El r\u00edo Mau, que atraviesa las Minas de Bra\u00e7al, es un afluente del Vouga y tiene una flora lujuriosa donde el bosque abunda y los helechos y musgos pintan el lecho del r\u00edo de tonos de verde. El bosque mixto con roble com\u00fan, arce blanco, laurel, casta\u00f1o, acebo, avellano y alcornoque est\u00e1 situado junto al r\u00edo y la rara planta insect\u00edvora grasilla p\u00e1lida, crece en sitios h\u00famedos pobres en nutrientes. De la flora que puebla el suelo f\u00e9rtil junto al r\u00edo sorprende la palominera por su belleza en tonos de azul. La avifauna aqu\u00ed es generosa y son muchas las especies que se alimentan en estos bosques, como por ejemplo la curruca zarcera y el carbonero. El huidizo mirlo acu\u00e1tico se puede observar en los r\u00e1pidos del rio Mau donde encuentra alimento como el caballito del diablo azul (lib\u00e9lula). En las antiguas galer\u00edas y en canales hechos en el r\u00edo para permitir la instalaci\u00f3n de los edificios de las minas existen hoy importantes poblaciones de murci\u00e9lagos cavern\u00edcolas, destac\u00e1ndose el murci\u00e9lago grande de herradura.<\/p>\n","images":[{"image_url":"https:\/\/rap.montanhasmagicas.pt\/wp-content\/uploads\/2022\/10\/Ruinas-1.jpeg","image_title":"Azevinho"},{"image_url":"https:\/\/rap.montanhasmagicas.pt\/wp-content\/uploads\/2022\/10\/Ruinas-1.jpeg","image_title":"Feto-real"},{"image_url":"https:\/\/rap.montanhasmagicas.pt\/wp-content\/uploads\/2022\/10\/Ruinas-1.jpeg","image_title":"Morcego-de-ferradura-grande"},{"image_url":"https:\/\/rap.montanhasmagicas.pt\/wp-content\/uploads\/2022\/10\/Ruinas-1.jpeg","image_title":"Papa-amoras"}]},{"title":"Patrimonio Arqueol\u00f3gico","description":"<p>La explotaci\u00f3n de estas minas se remonta a la \u00e9poca romana, han sido encontrados objetos de cer\u00e1mica que datan del a\u00f1o 5 a. C. y hasta el a\u00f1o 70 d. C. Estos consisten en una taza sigillata ceremonial y en tres lucernas probablemente utilizadas en la iluminaci\u00f3n de las galer\u00edas. Se destaca una de estas lucernas pues presenta un gladiador armado con una red, una lanza y un tridente. Los romanos explotaban los filones de mena a m\u00e1s de 50 metros de profundidad.<\/p>\n","images":[{"image_url":"https:\/\/rap.montanhasmagicas.pt\/wp-content\/uploads\/2022\/10\/Ruinas-1.jpeg","image_title":"Lucerna com representa\u00e7\u00e3o de gladiador"}]}],"details":{"number_of_point":"1","dificulty":"low","access":"Coche\/Peat\u00f3n","type_of_route":"Lineal"},"map_data":{"address":"","gps_coords":"40.734008,-8.400161"},"_links":{"self":[{"href":"https:\/\/rap.montanhasmagicas.pt\/es\/wp-json\/wp\/v2\/points_of_interest\/15529"}],"collection":[{"href":"https:\/\/rap.montanhasmagicas.pt\/es\/wp-json\/wp\/v2\/points_of_interest"}],"about":[{"href":"https:\/\/rap.montanhasmagicas.pt\/es\/wp-json\/wp\/v2\/types\/points_of_interest"}],"wp:featuredmedia":[{"embeddable":true,"href":"https:\/\/rap.montanhasmagicas.pt\/es\/wp-json\/wp\/v2\/media\/14410"}],"wp:attachment":[{"href":"https:\/\/rap.montanhasmagicas.pt\/es\/wp-json\/wp\/v2\/media?parent=15529"}],"wp:term":[{"taxonomy":"lines_points_of_interest","embeddable":true,"href":"https:\/\/rap.montanhasmagicas.pt\/es\/wp-json\/wp\/v2\/lines_points_of_interest?post=15529"}],"curies":[{"name":"wp","href":"https:\/\/api.w.org\/{rel}","templated":true}]}}