{"id":15538,"date":"2022-10-11T16:41:04","date_gmt":"2022-10-11T15:41:04","guid":{"rendered":"https:\/\/rap.montanhasmagicas.pt\/?post_type=points_of_interest&#038;p=15538"},"modified":"2022-10-11T16:41:04","modified_gmt":"2022-10-11T15:41:04","slug":"termas-de-sao-pedro-do-sul","status":"publish","type":"points_of_interest","link":"https:\/\/rap.montanhasmagicas.pt\/es\/points_of_interest\/termas-de-sao-pedro-do-sul\/","title":{"rendered":"Termas de S\u00e3o Pedro do Sul"},"content":{"rendered":"<p>El manantial de aguas termominerales de las Termas de S\u00e3o Pedro do Sul tiene origen en profundidad, junto a la falla de las termas. Las aguas termales emergen a 67\u00baC con un d\u00e9bito de 18 l\/s y pH 9.8 y est\u00e1n relacionadas, a una escala regional, con la falla activa Verin-Penacova y, localmente, por la presencia del contacto entre rocas granitoides y pizarras anteordov\u00edcicas. Las emergencias de agua mineral natural sulfurosa y radioactiva son aprovechadas para el calentamiento del ambiente, para aguas sanitarias y por tambi\u00e9n para aplicaciones medicinales. Actualmente es considerada una de las estancias termales m\u00e1s modernas de Europa, disponiendo de recursos t\u00e9cnicos y humanos capacitados, y instalaciones equipadas con tecnolog\u00eda de punta en el \u00e1rea de la balneoterapia, contando con m\u00e1s de 20.000 usuarios por a\u00f1o. Sus aguas termales son explotadas desde la antig\u00fcedad, como se puede comprobar por las ruinas romanas existentes en el mismo centro del complejo termal.<\/p>\n","protected":false},"featured_media":14963,"template":"","lines_points_of_interest":[1106],"line_data":{"name":"L\u00ednea V \u2013 Vouga","letter":"V","color":"#1c75bc"},"featured_url":"https:\/\/rap.montanhasmagicas.pt\/wp-content\/uploads\/2022\/10\/Fontedeaguas-1024x835.jpeg","images_gallery":[{"image_url":"https:\/\/rap.montanhasmagicas.pt\/wp-content\/uploads\/2022\/10\/Fontedeaguas.jpeg","image_title":"Fonte de \u00e1guas Termais"}],"interests":[{"title":"Biodiversidad","description":"<p>Las Termas de S\u00e3o Pedro do Sul se localizan en las m\u00e1rgenes del r\u00edo Vouga, r\u00edo de dimensiones medianas que nace en la sierra de Lapa y desemboca en la r\u00eda de Aveiro. Cuando atraviesa las termas, es un r\u00edo que abriga un bosque en galer\u00eda bien conservado y algunos bellos robledales en sus alrededores. El helecho real y el lonchite nos indican el buen estado de conservaci\u00f3n de estos ecosistemas, y la macromia, lib\u00e9lula muy rara en Europa, puede ser f\u00e1cilmente observada. Las mariposas son frecuentes y diversas aqu\u00ed, destac\u00e1ndose la mariposa ant\u00edopa, la mariposa arlequ\u00edn, la bella tornasolada chica (muy rara en Portugal) y la ninfa de los arroyos. La juguetona nutria caza a menudo en estos parajes, y el lagarto verdinegro siempre est\u00e1 presenta en los senderos y muros junto al r\u00edo. El mart\u00edn pescador patrulla incesantemente las aguas del Vouga buscando peque\u00f1os peces de los que se alimenta.<\/p>\n","images":[{"image_url":"https:\/\/rap.montanhasmagicas.pt\/wp-content\/uploads\/2022\/10\/Fontedeaguas.jpeg","image_title":"Guarda-rios"},{"image_url":"https:\/\/rap.montanhasmagicas.pt\/wp-content\/uploads\/2022\/10\/Fontedeaguas.jpeg","image_title":"Macr\u00f3mia"},{"image_url":"https:\/\/rap.montanhasmagicas.pt\/wp-content\/uploads\/2022\/10\/Fontedeaguas.jpeg","image_title":"Apatura-pequena"}]},{"title":"Historia de las Termas","description":"<p>Las termas romanas de S\u00e3o Pedro do Sul tienen origen en el siglo I d. C. y han sido clasificadas como Monumento Nacional, en 2008. M\u00e1s conocidas como \u201cba\u00f1o\u201d o \u201cCaldas de Laf\u00f5es\u201d, estas representan uno de los complejos termales de origen romano m\u00e1s bien conservados de Portugal. Se destacan un resto del antiguo \u201cbalneum\u201d, con parte de la piscina romana y grandes columnas en granito. Se piensa que tendr\u00eda una zona de ba\u00f1os fr\u00edos - \u201cfrigidarium\u201d - y la piscina, que se denomina hoy por Piscina de D. Afonso Henriques, se encuentra en perfecto estado de conservaci\u00f3n. En el siglo XII eran utilizadas por las clases m\u00e1s favorecidas, destac\u00e1ndose la presencia del primer rey de Portugal para el tratamiento de una fractura sufrida en la desafortunada Batalla de Badajoz. En el reinado de D. Manuel I se edific\u00f3 el Hospital Real de las Caldas de Laf\u00f5es y, en 1884, se ha construido el Balneario de la Reina D. Am\u00e9lia. En 1987 se edific\u00f3 el Balneario de D. Afonso Henriques, en homenaje al primer rey de Portugal.<\/p>\n","images":[{"image_url":"https:\/\/rap.montanhasmagicas.pt\/wp-content\/uploads\/2022\/10\/Fontedeaguas.jpeg","image_title":"Termas romanas"}]}],"details":{"number_of_point":"12","dificulty":"low","access":"Coche\/Peat\u00f3n","type_of_route":"Lineal"},"map_data":{"address":"","gps_coords":"40.739214,-8.090503"},"_links":{"self":[{"href":"https:\/\/rap.montanhasmagicas.pt\/es\/wp-json\/wp\/v2\/points_of_interest\/15538"}],"collection":[{"href":"https:\/\/rap.montanhasmagicas.pt\/es\/wp-json\/wp\/v2\/points_of_interest"}],"about":[{"href":"https:\/\/rap.montanhasmagicas.pt\/es\/wp-json\/wp\/v2\/types\/points_of_interest"}],"wp:featuredmedia":[{"embeddable":true,"href":"https:\/\/rap.montanhasmagicas.pt\/es\/wp-json\/wp\/v2\/media\/14963"}],"wp:attachment":[{"href":"https:\/\/rap.montanhasmagicas.pt\/es\/wp-json\/wp\/v2\/media?parent=15538"}],"wp:term":[{"taxonomy":"lines_points_of_interest","embeddable":true,"href":"https:\/\/rap.montanhasmagicas.pt\/es\/wp-json\/wp\/v2\/lines_points_of_interest?post=15538"}],"curies":[{"name":"wp","href":"https:\/\/api.w.org\/{rel}","templated":true}]}}