{"id":15185,"date":"2022-10-10T17:51:13","date_gmt":"2022-10-10T16:51:13","guid":{"rendered":"https:\/\/rap.montanhasmagicas.pt\/?post_type=points_of_interest&#038;p=15185"},"modified":"2022-10-11T11:11:37","modified_gmt":"2022-10-11T10:11:37","slug":"cascatas-do-rio-teixeira","status":"publish","type":"points_of_interest","link":"https:\/\/rap.montanhasmagicas.pt\/fr\/points_of_interest\/cascatas-do-rio-teixeira\/","title":{"rendered":"Cascatas do Rio Teixeira"},"content":{"rendered":"<p>Les cascades de la rivi\u00e8re Teixeira sont deux grandes chutes d\u2019eau de la vall\u00e9e encaiss\u00e9e de la rivi\u00e8re Teixeira, une avec un d\u00e9nivel\u00e9 de 25 m\u00e8tres (en amont) et l\u2019autre de 35 (en aval), qui peuvent \u00eatre admir\u00e9es du chemin qui suit la canalisation de la mini-centrale hydraulique. La plus petite trouve son origine dans la fracture du massif granitique de Junqueira, et la plus grande provient du contact g\u00e9ologique schiste-granite, la rivi\u00e8re \u00e9rodant le schiste tendre plus rapidement que le granite, causant ainsi ce d\u00e9nivel\u00e9. La section de la Teixeira entre la mini-centrale et ces cascades est d\u2019une beaut\u00e9 unique. L\u2019acc\u00e8s est cependant un peu compliqu\u00e9 car il est difficile d\u2019arriver \u00e0 la rivi\u00e8re par la mini-centrale ou par la ferme, les deux \u00e9tant en terrains priv\u00e9s, il est donc conseill\u00e9 de faire appel \u00e0 un guide.<\/p>\n","protected":false},"featured_media":13500,"template":"","lines_points_of_interest":[1093],"line_data":{"name":"Ligne F \u2013 Freita","letter":"F","color":"#6d6e71"},"featured_url":"https:\/\/rap.montanhasmagicas.pt\/wp-content\/uploads\/2022\/10\/CascatadoTeixeira-1024x690.jpeg","images_gallery":[{"image_url":"https:\/\/rap.montanhasmagicas.pt\/wp-content\/uploads\/2022\/10\/CascatadoTeixeira.jpeg","image_title":"Cascata do Teixeira"},{"image_url":"https:\/\/rap.montanhasmagicas.pt\/wp-content\/uploads\/2022\/10\/FisgasdoTeixeira.jpeg","image_title":"Fisgas do Teixeira"},{"image_url":"https:\/\/rap.montanhasmagicas.pt\/wp-content\/uploads\/2022\/10\/PocodoTeixeira.jpeg","image_title":"Po\u00e7o do Teixeira"}],"interests":[{"title":"Biodiversit\u00e9","description":"<p>L\u2019\u00e9cosyst\u00e8me ici pr\u00e9sent r\u00e9v\u00e8le une des bois subtropicaux les mieux conserv\u00e9 de la r\u00e9gion qui autrefois dominaient. L\u2019exemple de ces bois-reliques est l\u2019adernal, formation d\u2019esp\u00e8ces arbustives \u00e0 feuilles persistantes domin\u00e9 par l\u2019alavert \u00e0 feuilles larges qui se fait accompagner par le myrte, l\u2019arbousier, l\u2019alavert \u00e0 feuilles \u00e9troites et, moins fr\u00e9quemment, par l\u2019arbre \u00e0 muguet, le houx, la foug\u00e8re woodwardia et l\u2019ail jaune. Le vertigineux faucon p\u00e8lerin profite des falaises escarp\u00e9es de la rivi\u00e8re Teixeira pour se reproduire, remplissant la vall\u00e9e de ses cris d\u2019alerte. A signaler pour l\u2019herp\u00e9tofaune, la couleuvre vip\u00e9rine, le l\u00e9zard vert de Portugal, la salamandre portugaise, la grenouille ib\u00e9rique et le triton ib\u00e9rique qui constituent une population importante. Chez les mammif\u00e8res on citera le furtif desman des Pyr\u00e9n\u00e9es et la loutre, et l\u2019on pourra aussi observer, dans le tunnel de la mini-centrale, quelques chauves-souris cavernicoles. C\u2019est aussi un lieu d\u2019exception pour les invert\u00e9br\u00e9s, comme les libellules cordulie splendide et cordulie \u00e0 corps fin, le papillon petit Mars changeant, le col\u00e9opt\u00e8re lucane cerf-volant et la limace loche celte.<\/p>\n","images":[{"image_url":"https:\/\/rap.montanhasmagicas.pt\/wp-content\/uploads\/2022\/10\/PocodoTeixeira.jpeg","image_title":"Banheira do Teixeira"},{"image_url":"https:\/\/rap.montanhasmagicas.pt\/wp-content\/uploads\/2022\/10\/PocodoTeixeira.jpeg","image_title":"Feto-vaqueiro"}]}],"details":{"number_of_point":"13","dificulty":"medium","access":"Pi\u00e9ton","type_of_route":"Ondul\u00e9e"},"map_data":{"address":"","gps_coords":"40.809731,-8.232950"},"_links":{"self":[{"href":"https:\/\/rap.montanhasmagicas.pt\/fr\/wp-json\/wp\/v2\/points_of_interest\/15185"}],"collection":[{"href":"https:\/\/rap.montanhasmagicas.pt\/fr\/wp-json\/wp\/v2\/points_of_interest"}],"about":[{"href":"https:\/\/rap.montanhasmagicas.pt\/fr\/wp-json\/wp\/v2\/types\/points_of_interest"}],"wp:featuredmedia":[{"embeddable":true,"href":"https:\/\/rap.montanhasmagicas.pt\/fr\/wp-json\/wp\/v2\/media\/13500"}],"wp:attachment":[{"href":"https:\/\/rap.montanhasmagicas.pt\/fr\/wp-json\/wp\/v2\/media?parent=15185"}],"wp:term":[{"taxonomy":"lines_points_of_interest","embeddable":true,"href":"https:\/\/rap.montanhasmagicas.pt\/fr\/wp-json\/wp\/v2\/lines_points_of_interest?post=15185"}],"curies":[{"name":"wp","href":"https:\/\/api.w.org\/{rel}","templated":true}]}}