{"id":15537,"date":"2022-10-11T16:39:20","date_gmt":"2022-10-11T15:39:20","guid":{"rendered":"https:\/\/rap.montanhasmagicas.pt\/?post_type=points_of_interest&#038;p=15537"},"modified":"2022-10-11T16:39:20","modified_gmt":"2022-10-11T15:39:20","slug":"termas-de-sao-pedro-do-sul","status":"publish","type":"points_of_interest","link":"https:\/\/rap.montanhasmagicas.pt\/fr\/points_of_interest\/termas-de-sao-pedro-do-sul\/","title":{"rendered":"Termas de S\u00e3o Pedro do Sul"},"content":{"rendered":"<p>La naissance des eaux thermomin\u00e9rales des Thermes de S\u00e3o Pedro de Sul trouvent leur origine en profondeur, le long de la faille des Termas. Les eaux thermales \u00e9mergent \u00e0 67\u00b0C avec un d\u00e9bit de 18 l\/s et un pH 9.8 et sont reli\u00e9es \u00e0 l\u2019\u00e9chelle r\u00e9gionale avec la faille active Verin-Penacova et localement par la pr\u00e9sence du contact entre les granites et les schistes ant\u00e9ordoviciens. Les eaux naturelles sulfureuses et radioactives sont utilis\u00e9es pour le chauffage, les eaux sanitaires et \u00e0 des fins m\u00e9dicinales. Actuellement cette station thermale est consid\u00e9r\u00e9e comme l\u2019une des plus modernes d\u2019Europe, disposant de ressources techniques et humaines qualifi\u00e9es et d\u2019installations \u00e9quip\u00e9es avec une technologie de pointe pour la baln\u00e9oth\u00e9rapie, comptant plus de 20.000 curistes par an. Ses eaux thermales sont exploit\u00e9es depuis l\u2019antiquit\u00e9 comme le montrent les ruines romaines existant au centre m\u00eame du complexe thermal.<\/p>\n","protected":false},"featured_media":14963,"template":"","lines_points_of_interest":[1105],"line_data":{"name":"Ligne V \u2013\u00a0Vouga","letter":"V","color":"#1c75bc"},"featured_url":"https:\/\/rap.montanhasmagicas.pt\/wp-content\/uploads\/2022\/10\/Fontedeaguas-1024x835.jpeg","images_gallery":[{"image_url":"https:\/\/rap.montanhasmagicas.pt\/wp-content\/uploads\/2022\/10\/Fontedeaguas.jpeg","image_title":"Fonte de \u00e1guas Termais"}],"interests":[{"title":"Biodiversit\u00e9","description":"<p>Les Termas de S\u00e3o Pedro do Sul se trouvent sur les berges du fleuve Vouga, cours d\u2019eau de dimensions moyennes qui na\u00eet sur la montagne de Lapa et se jette dans la baie d\u2019Aveiro. Dans sa travers\u00e9e des thermes, c\u2019est un cours d\u2019eau avec une galerie ripicole pr\u00e9serv\u00e9e et quelques beaux ch\u00eanes \u00e0 proximit\u00e9. La foug\u00e8re royale et la foug\u00e8re blechnum en \u00e9pi indiquent un bon \u00e9tat de conservation de ces \u00e9cosyst\u00e8mes et la cordulie splendide, libellule tr\u00e8s rare en Europe, peut \u00eatre facilement observ\u00e9e. Les papillons sont fr\u00e9quents et vari\u00e9s, \u00e0 noter le morio, le proserpine, le petit Mars changeant (tr\u00e8s rare au Portugal) et le Sylvain azur\u00e9. La loutre joueuse chasse souvent dans les parages et le l\u00e9zard vert de Portugal est toujours pr\u00e9sent dans les murs et les champs pr\u00e8s de l\u2019eau. Le martin-p\u00eacheur patrouille sans cesse \u00e0 la recherche de petits poissons pour s\u2019alimenter.<\/p>\n","images":[{"image_url":"https:\/\/rap.montanhasmagicas.pt\/wp-content\/uploads\/2022\/10\/Fontedeaguas.jpeg","image_title":"Guarda-rios"},{"image_url":"https:\/\/rap.montanhasmagicas.pt\/wp-content\/uploads\/2022\/10\/Fontedeaguas.jpeg","image_title":"Macr\u00f3mia"},{"image_url":"https:\/\/rap.montanhasmagicas.pt\/wp-content\/uploads\/2022\/10\/Fontedeaguas.jpeg","image_title":"Apatura-pequena"}]},{"title":"Histoire des Thermes","description":"<p>Les thermes romaines trouvent leur origine au Ier apr\u00e8s J.C., et furent classifi\u00e9es comme Monument National, en 2008. Plus connues comme \u201cBanho\u201d ou \u201cCaldas de Lafoes\u201d, ils constituent un des complexes thermal d\u2019origine romaine les mieux conserv\u00e9s du Portugal. On y voit un reste de l\u2019antique \"Balneum\", avec une partie de la piscine romaine et de grandes colonnes en granit. On pense qu\u2019il y avait une zone de bains froids - frigidarium \u2013 et une piscine, qui s\u2019appelle aujourd\u2019hui Piscine de D. Afonso Henriques, et qui se trouve en parfait \u00e9tat de conservation. Au XIIeme si\u00e8cle ils \u00e9taient utilis\u00e9s par les classes les moins favoris\u00e9es. On souligne la pr\u00e9sence du 1er roi du Portugal pour le traitement d\u2019une fracture occasionn\u00e9e lors de la d\u00e9faite de la Bataille de Badajoz. Sous le r\u00e8gne de D. Manuel I f\u00fbt \u00e9difi\u00e9 l\u2019H\u00f4pital Real das Caldas de Lafoes et en 1884 furent construit les Bains (Thermes) de la Reine Dona Am\u00e9lia puis, en 1987 les Bains de D. Afonso Henriques, en hommage au passage du 1er roi du Portugal dans ces lieux.<\/p>\n","images":[{"image_url":"https:\/\/rap.montanhasmagicas.pt\/wp-content\/uploads\/2022\/10\/Fontedeaguas.jpeg","image_title":"Termas romanas"}]}],"details":{"number_of_point":"12","dificulty":"low","access":"Voiture\/Pi\u00e9ton","type_of_route":"Lin\u00e9aire"},"map_data":{"address":"","gps_coords":"40.739214,-8.090503"},"_links":{"self":[{"href":"https:\/\/rap.montanhasmagicas.pt\/fr\/wp-json\/wp\/v2\/points_of_interest\/15537"}],"collection":[{"href":"https:\/\/rap.montanhasmagicas.pt\/fr\/wp-json\/wp\/v2\/points_of_interest"}],"about":[{"href":"https:\/\/rap.montanhasmagicas.pt\/fr\/wp-json\/wp\/v2\/types\/points_of_interest"}],"wp:featuredmedia":[{"embeddable":true,"href":"https:\/\/rap.montanhasmagicas.pt\/fr\/wp-json\/wp\/v2\/media\/14963"}],"wp:attachment":[{"href":"https:\/\/rap.montanhasmagicas.pt\/fr\/wp-json\/wp\/v2\/media?parent=15537"}],"wp:term":[{"taxonomy":"lines_points_of_interest","embeddable":true,"href":"https:\/\/rap.montanhasmagicas.pt\/fr\/wp-json\/wp\/v2\/lines_points_of_interest?post=15537"}],"curies":[{"name":"wp","href":"https:\/\/api.w.org\/{rel}","templated":true}]}}